{"id":4057,"date":"2026-08-30T17:44:13","date_gmt":"2026-08-30T17:44:13","guid":{"rendered":"https:\/\/acelerapyme.asime.es\/vigo\/?post_type=tribe_events&#038;p=4057"},"modified":"2026-08-30T20:53:05","modified_gmt":"2026-08-30T20:53:05","slug":"oficina-digital-herramientas-de-productividad-de-ia","status":"publish","type":"tribe_events","link":"https:\/\/acelerapyme.asime.es\/vigo\/event\/oficina-digital-herramientas-de-productividad-de-ia\/","title":{"rendered":"Oficina digital. Herramientas de productividad de IA"},"content":{"rendered":"<p>\u00a1La Oficina Acelera Pyme Asime Vigo, en colaboraci\u00f3n con <a href=\"https:\/\/acelerapyme.asime.es\/vigo\/proveedores\/asm-soft\/\"><b data-path-to-node=\"4\" data-index-in-node=\"56\">ASM Soft<\/b><\/a>, presenta una jornada enfocada en la aplicaci\u00f3n directa de la Inteligencia Artificial al d\u00eda a d\u00eda empresarial. Durante la sesi\u00f3n se mostrar\u00e1 el potencial de <strong>Microsoft Copilot<\/strong> para aumentar la productividad operativa, analizando casos de uso concretos y su integraci\u00f3n pr\u00e1ctica en herramientas de uso cotidiano como Outlook, Excel, PowerPoint, Teams y el ERP Dynamics 365 Business Central.<\/p>\n<p>&nbsp;<\/p>\n<h3 data-path-to-node=\"2\">Programa de las Jornadas<\/h3>\n<p data-path-to-node=\"3\"><b data-path-to-node=\"3\" data-index-in-node=\"0\">10:00 \u2013 10:15 | Bienvenida y Presentaci\u00f3n<\/b><\/p>\n<ul data-path-to-node=\"4\">\n<li>\n<p data-path-to-node=\"4,0,0\">Apertura institucional a cargo de la Oficina Acelera Pyme Asime Vigo.<\/p>\n<\/li>\n<\/ul>\n<p data-path-to-node=\"5\"><b data-path-to-node=\"5\" data-index-in-node=\"0\">10:15 \u2013 11:00 | Jornada 1: <\/b><b data-path-to-node=\"7\" data-index-in-node=\"0\">Inteligencia Artificial y Productividad en la Oficina Digital (ASM Soft)<\/b><\/p>\n<ul>\n<li data-path-to-node=\"8,0,0\"><b data-path-to-node=\"8,0,0\" data-index-in-node=\"0\">Herramientas de IA con Microsoft Copilot:<\/b> Casos de uso pr\u00e1cticos e integraci\u00f3n en el entorno de trabajo diario.<\/li>\n<li data-path-to-node=\"8,1,0\"><b data-path-to-node=\"8,1,0\" data-index-in-node=\"0\">Soluciones presentadas:<\/b> Uso de Copilot Chat y Pages, e integraci\u00f3n con Outlook, Excel, PowerPoint, Teams y Business Central.<\/li>\n<\/ul>\n<p data-path-to-node=\"7\"><b data-path-to-node=\"7\" data-index-in-node=\"0\">11:15 \u2013 12:00 | Jornada 2: <\/b><b data-path-to-node=\"5\" data-index-in-node=\"0\">Automatizaci\u00f3n y Gesti\u00f3n de Procesos con Microsoft 365 (Como Darwin)<\/b><\/p>\n<ul>\n<li><b data-path-to-node=\"6,0,0\" data-index-in-node=\"0\">Eliminaci\u00f3n de la burocracia digital:<\/b> C\u00f3mo reducir la dependencia de correos y hojas de c\u00e1lculo para mejorar el flujo de trabajo.<\/li>\n<li><b data-path-to-node=\"6,1,0\" data-index-in-node=\"0\">Control visual con Kanban:<\/b> Gesti\u00f3n clara del estado de los proyectos mediante Microsoft Lists.<\/li>\n<li><b data-path-to-node=\"6,2,0\" data-index-in-node=\"0\">Automatizaci\u00f3n con Power Automate:<\/b> Flujos autom\u00e1ticos de aprobaci\u00f3n, sincronizaci\u00f3n de datos entre departamentos y alertas inteligentes.<\/li>\n<\/ul>\n<p data-path-to-node=\"9\"><b data-path-to-node=\"9\" data-index-in-node=\"0\">12:15 | Caf\u00e9 Networking<\/b><\/p>\n<ul>\n<li data-path-to-node=\"10,0,0\">Espacio de encuentro entre asistentes y ponentes.<\/li>\n<\/ul>\n<p data-path-to-node=\"12\"><b data-path-to-node=\"12\" data-index-in-node=\"0\">Datos del evento:<\/b><\/p>\n<ul>\n<li data-path-to-node=\"13,0,0\"><b data-path-to-node=\"13,0,0\" data-index-in-node=\"0\">Fecha:<\/b> 16 de septiembre<\/li>\n<li data-path-to-node=\"13,1,0\"><b data-path-to-node=\"13,1,0\" data-index-in-node=\"0\">Lugar:<\/b> Presencial \u2013 Sede Asime Vigo (R\u00faa do Doutor Corbal, 51, Teis, Vigo). Dispone de aparcamiento gratuito.<\/li>\n<\/ul>\n","protected":false},"excerpt":{"rendered":"<p>\u00a1La Oficina Acelera Pyme Asime Vigo, en colaboraci\u00f3n con ASM Soft, presenta una jornada enfocada en la aplicaci\u00f3n directa de la Inteligencia Artificial al d\u00eda a d\u00eda empresarial. Durante la &#8230; <a title=\"Oficina digital. Herramientas de productividad de IA\" class=\"read-more\" href=\"https:\/\/acelerapyme.asime.es\/vigo\/event\/oficina-digital-herramientas-de-productividad-de-ia\/\" aria-label=\"Leer m\u00e1s sobre Oficina digital. Herramientas de productividad de IA\">Leer m\u00e1s<\/a><\/p>\n","protected":false},"author":2,"featured_media":4058,"template":"","meta":{"_acf_changed":false,"_tribe_events_status":"","_tribe_events_status_reason":"","footnotes":""},"tags":[],"tribe_events_cat":[],"class_list":["post-4057","tribe_events","type-tribe_events","status-publish","has-post-thumbnail","hentry"],"acf":[],"_links":{"self":[{"href":"https:\/\/acelerapyme.asime.es\/vigo\/wp-json\/wp\/v2\/tribe_events\/4057","targetHints":{"allow":["GET"]}}],"collection":[{"href":"https:\/\/acelerapyme.asime.es\/vigo\/wp-json\/wp\/v2\/tribe_events"}],"about":[{"href":"https:\/\/acelerapyme.asime.es\/vigo\/wp-json\/wp\/v2\/types\/tribe_events"}],"author":[{"embeddable":true,"href":"https:\/\/acelerapyme.asime.es\/vigo\/wp-json\/wp\/v2\/users\/2"}],"version-history":[{"count":4,"href":"https:\/\/acelerapyme.asime.es\/vigo\/wp-json\/wp\/v2\/tribe_events\/4057\/revisions"}],"predecessor-version":[{"id":4062,"href":"https:\/\/acelerapyme.asime.es\/vigo\/wp-json\/wp\/v2\/tribe_events\/4057\/revisions\/4062"}],"wp:featuredmedia":[{"embeddable":true,"href":"https:\/\/acelerapyme.asime.es\/vigo\/wp-json\/wp\/v2\/media\/4058"}],"wp:attachment":[{"href":"https:\/\/acelerapyme.asime.es\/vigo\/wp-json\/wp\/v2\/media?parent=4057"}],"wp:term":[{"taxonomy":"post_tag","embeddable":true,"href":"https:\/\/acelerapyme.asime.es\/vigo\/wp-json\/wp\/v2\/tags?post=4057"},{"taxonomy":"tribe_events_cat","embeddable":true,"href":"https:\/\/acelerapyme.asime.es\/vigo\/wp-json\/wp\/v2\/tribe_events_cat?post=4057"}],"curies":[{"name":"wp","href":"https:\/\/api.w.org\/{rel}","templated":true}]}}