{"id":3796,"date":"2026-04-29T11:43:35","date_gmt":"2026-04-29T11:43:35","guid":{"rendered":"https:\/\/acelerapyme.asime.es\/vigo\/?post_type=tribe_events&#038;p=3796"},"modified":"2026-04-29T11:43:35","modified_gmt":"2026-04-29T11:43:35","slug":"jornada-demostrativa-ia-aplicada-a-los-procesos-de-negocio","status":"publish","type":"tribe_events","link":"https:\/\/acelerapyme.asime.es\/vigo\/event\/jornada-demostrativa-ia-aplicada-a-los-procesos-de-negocio\/","title":{"rendered":"Jornada demostrativa: IA aplicada a los procesos de negocio"},"content":{"rendered":"<p data-path-to-node=\"3\">Desde la <b data-path-to-node=\"3\" data-index-in-node=\"167\">Oficina Acelera Pyme de Asime<\/b>, en el marco del programa <a href=\"https:\/\/viagalicia.gal\/\" target=\"_blank\" rel=\"noopener\"><b data-path-to-node=\"3\" data-index-in-node=\"223\">V\u00edaGalicia<\/b><\/a>, organizamos esta jornada t\u00e9cnica orientada a integrar la IA en el coraz\u00f3n de los procesos de negocio.<\/p>\n<p data-path-to-node=\"4\">Impartido por la experta <b data-path-to-node=\"4\" data-index-in-node=\"25\">Erika Rodr\u00edguez Soto<\/b>, el taller ofrecer\u00e1 una visi\u00f3n pr\u00e1ctica sobre c\u00f3mo utilizar la IA para optimizar la relaci\u00f3n con el cliente, mejorar la atenci\u00f3n comercial y automatizar tareas cr\u00edticas en departamentos operativos y de soporte.<\/p>\n<ul>\n<li data-path-to-node=\"6,0,0\"><b data-path-to-node=\"6,0,0\" data-index-in-node=\"0\">Mejora de Procesos:<\/b> Utilizar la IA para optimizar la relaci\u00f3n con el cliente y los procesos de negocio.<\/li>\n<li data-path-to-node=\"6,1,0\"><b data-path-to-node=\"6,1,0\" data-index-in-node=\"0\">Optimizaci\u00f3n Interna:<\/b> Aprender a implementar herramientas de IA que agilicen el d\u00eda a d\u00eda de la empresa.<\/li>\n<li data-path-to-node=\"6,2,0\"><b data-path-to-node=\"6,2,0\" data-index-in-node=\"0\">Automatizaci\u00f3n Real:<\/b> Identificar qu\u00e9 tareas pueden ser automatizadas para liberar tiempo y recursos estrat\u00e9gicos.<\/li>\n<\/ul>\n<p>&nbsp;<\/p>\n<p><img decoding=\"async\" class=\"emoji\" role=\"img\" src=\"https:\/\/s.w.org\/images\/core\/emoji\/17.0.2\/svg\/1f4c5.svg\" alt=\"\ud83d\udcc5\" \/> 27 de mayo<br \/>\n<img decoding=\"async\" class=\"emoji\" role=\"img\" src=\"https:\/\/s.w.org\/images\/core\/emoji\/17.0.2\/svg\/1f557.svg\" alt=\"\ud83d\udd57\" \/>\u00a010:00 h. (Duraci\u00f3n aproximada: 4 horas).<br \/>\n<img decoding=\"async\" class=\"emoji\" role=\"img\" src=\"https:\/\/s.w.org\/images\/core\/emoji\/17.0.2\/svg\/1f4cd.svg\" alt=\"\ud83d\udccd\" \/>Presencial \u2013\u00a0<a href=\"https:\/\/maps.app.goo.gl\/puZ98kZEPM94c4867\" target=\"_blank\" rel=\"noopener\">R\u00faa das Pontes 4, 36350 Nigr\u00e1n, Pontevedra<\/a>\u00a0(Centro de negocios de Porto do Molle)<\/p>\n<p>Esta\u00a0<strong>jornada es exclusiva para participantes en la 8\u00aa Edici\u00f3n de V\u00eda Galicia.<\/strong><\/p>\n<p>&nbsp;<\/p>\n","protected":false},"excerpt":{"rendered":"<p>Desde la Oficina Acelera Pyme de Asime, en el marco del programa V\u00edaGalicia, organizamos esta jornada t\u00e9cnica orientada a integrar la IA en el coraz\u00f3n de los procesos de negocio. &#8230; <a title=\"Jornada demostrativa: IA aplicada a los procesos de negocio\" class=\"read-more\" href=\"https:\/\/acelerapyme.asime.es\/vigo\/event\/jornada-demostrativa-ia-aplicada-a-los-procesos-de-negocio\/\" aria-label=\"M\u00e1s en Jornada demostrativa: IA aplicada a los procesos de negocio\">Leer m\u00e1s<\/a><\/p>\n","protected":false},"author":2,"featured_media":3797,"comment_status":"open","ping_status":"closed","template":"","meta":{"_tribe_events_status":"","_tribe_events_status_reason":"","footnotes":""},"tags":[],"tribe_events_cat":[],"class_list":["post-3796","tribe_events","type-tribe_events","status-publish","has-post-thumbnail","hentry"],"acf":[],"_links":{"self":[{"href":"https:\/\/acelerapyme.asime.es\/vigo\/wp-json\/wp\/v2\/tribe_events\/3796","targetHints":{"allow":["GET"]}}],"collection":[{"href":"https:\/\/acelerapyme.asime.es\/vigo\/wp-json\/wp\/v2\/tribe_events"}],"about":[{"href":"https:\/\/acelerapyme.asime.es\/vigo\/wp-json\/wp\/v2\/types\/tribe_events"}],"author":[{"embeddable":true,"href":"https:\/\/acelerapyme.asime.es\/vigo\/wp-json\/wp\/v2\/users\/2"}],"replies":[{"embeddable":true,"href":"https:\/\/acelerapyme.asime.es\/vigo\/wp-json\/wp\/v2\/comments?post=3796"}],"version-history":[{"count":1,"href":"https:\/\/acelerapyme.asime.es\/vigo\/wp-json\/wp\/v2\/tribe_events\/3796\/revisions"}],"predecessor-version":[{"id":3798,"href":"https:\/\/acelerapyme.asime.es\/vigo\/wp-json\/wp\/v2\/tribe_events\/3796\/revisions\/3798"}],"wp:featuredmedia":[{"embeddable":true,"href":"https:\/\/acelerapyme.asime.es\/vigo\/wp-json\/wp\/v2\/media\/3797"}],"wp:attachment":[{"href":"https:\/\/acelerapyme.asime.es\/vigo\/wp-json\/wp\/v2\/media?parent=3796"}],"wp:term":[{"taxonomy":"post_tag","embeddable":true,"href":"https:\/\/acelerapyme.asime.es\/vigo\/wp-json\/wp\/v2\/tags?post=3796"},{"taxonomy":"tribe_events_cat","embeddable":true,"href":"https:\/\/acelerapyme.asime.es\/vigo\/wp-json\/wp\/v2\/tribe_events_cat?post=3796"}],"curies":[{"name":"wp","href":"https:\/\/api.w.org\/{rel}","templated":true}]}}