{"id":3790,"date":"2026-04-29T11:31:15","date_gmt":"2026-04-29T11:31:15","guid":{"rendered":"https:\/\/acelerapyme.asime.es\/vigo\/?post_type=tribe_events&#038;p=3790"},"modified":"2026-04-29T11:33:59","modified_gmt":"2026-04-29T11:33:59","slug":"3790","status":"publish","type":"tribe_events","link":"https:\/\/acelerapyme.asime.es\/vigo\/event\/3790\/","title":{"rendered":"Jornada demostrativa: BI Avanzado. An\u00e1lisis de datos y toma de decisiones"},"content":{"rendered":"<p data-path-to-node=\"4\">Desde la <b data-path-to-node=\"4\" data-index-in-node=\"159\">Oficina Acelera Pyme de Asime<\/b>, en colaboraci\u00f3n con el programa <a href=\"https:\/\/viagalicia.gal\/\" target=\"_blank\" rel=\"noopener\"><b data-path-to-node=\"4\" data-index-in-node=\"222\">V\u00eda Galicia<\/b><\/a>, organizamos esta jornada t\u00e9cnica avanzada dise\u00f1ada para que pymes y profesionales dominen el Business Intelligence (BI).<\/p>\n<p data-path-to-node=\"5\">De la mano del experto <b data-path-to-node=\"5\" data-index-in-node=\"23\">Alejandro Garc\u00eda Morgade de Grupo Elige<\/b>\u00a0los asistentes aprender\u00e1n no solo la teor\u00eda de la anal\u00edtica, sino tambi\u00e9n la pr\u00e1ctica real: c\u00f3mo construir un cuadro de mando en <b data-path-to-node=\"5\" data-index-in-node=\"178\">Power BI<\/b> desde cero, partiendo de distintas fuentes de datos y siguiendo una l\u00f3gica de negocio clara.<\/p>\n<ul>\n<li data-path-to-node=\"9,0,0\"><b data-path-to-node=\"9,0,0\" data-index-in-node=\"0\">Fundamentos de BI y Anal\u00edtica:<\/b> Conceptos clave y ejemplos reales de uso.<\/li>\n<li data-path-to-node=\"9,1,0\"><b data-path-to-node=\"9,1,0\" data-index-in-node=\"0\">Planteamiento de Cuadros de Mando:<\/b> Fases del proceso, desde la necesidad de negocio hasta la visualizaci\u00f3n final.<\/li>\n<li data-path-to-node=\"9,2,0\"><b data-path-to-node=\"9,2,0\" data-index-in-node=\"0\">Herramientas de BI:<\/b> Foco en el ecosistema <b data-path-to-node=\"9,2,0\" data-index-in-node=\"42\">Power BI<\/b> (Desktop, Power Query, Service y Fabric).<\/li>\n<li data-path-to-node=\"9,3,0\"><b data-path-to-node=\"9,3,0\" data-index-in-node=\"0\">Caso Pr\u00e1ctico:<\/b> Realizaremos un ejercicio de <b data-path-to-node=\"9,3,0\" data-index-in-node=\"44\">Control Presupuestario Comercial<\/b> conectando fuentes, limpiando datos con Power Query, definiendo m\u00e9tricas y aplicando inteligencia temporal para identificar desviaciones.<\/li>\n<\/ul>\n<p data-path-to-node=\"5\"><img decoding=\"async\" class=\"emoji\" role=\"img\" src=\"https:\/\/s.w.org\/images\/core\/emoji\/17.0.2\/svg\/1f4c5.svg\" alt=\"\ud83d\udcc5\" \/> 20 de mayo<br \/>\n<img decoding=\"async\" class=\"emoji\" role=\"img\" src=\"https:\/\/s.w.org\/images\/core\/emoji\/17.0.2\/svg\/1f557.svg\" alt=\"\ud83d\udd57\" \/> 10:00 h. (Duraci\u00f3n aproximada: 4 horas).<br \/>\n<img decoding=\"async\" class=\"emoji\" role=\"img\" src=\"https:\/\/s.w.org\/images\/core\/emoji\/17.0.2\/svg\/1f4cd.svg\" alt=\"\ud83d\udccd\" \/>Presencial \u2013 <a href=\"https:\/\/maps.app.goo.gl\/puZ98kZEPM94c4867\" target=\"_blank\" rel=\"noopener\">R\u00faa das Pontes 4, 36350 Nigr\u00e1n, Pontevedra<\/a> (Centro de negocios de Porto do Molle)<\/p>\n<p data-path-to-node=\"5\">Esta\u00a0<strong>jornada es exclusiva para participantes en la 8\u00aa Edici\u00f3n de V\u00eda Galicia.<\/strong><\/p>\n<p data-path-to-node=\"5\">\n","protected":false},"excerpt":{"rendered":"<p>Desde la Oficina Acelera Pyme de Asime, en colaboraci\u00f3n con el programa V\u00eda Galicia, organizamos esta jornada t\u00e9cnica avanzada dise\u00f1ada para que pymes y profesionales dominen el Business Intelligence (BI). &#8230; <a title=\"Jornada demostrativa: BI Avanzado. An\u00e1lisis de datos y toma de decisiones\" class=\"read-more\" href=\"https:\/\/acelerapyme.asime.es\/vigo\/event\/3790\/\" aria-label=\"M\u00e1s en Jornada demostrativa: BI Avanzado. An\u00e1lisis de datos y toma de decisiones\">Leer m\u00e1s<\/a><\/p>\n","protected":false},"author":2,"featured_media":3792,"comment_status":"open","ping_status":"closed","template":"","meta":{"_tribe_events_status":"","_tribe_events_status_reason":"","footnotes":""},"tags":[],"tribe_events_cat":[],"class_list":["post-3790","tribe_events","type-tribe_events","status-publish","has-post-thumbnail","hentry"],"acf":[],"_links":{"self":[{"href":"https:\/\/acelerapyme.asime.es\/vigo\/wp-json\/wp\/v2\/tribe_events\/3790","targetHints":{"allow":["GET"]}}],"collection":[{"href":"https:\/\/acelerapyme.asime.es\/vigo\/wp-json\/wp\/v2\/tribe_events"}],"about":[{"href":"https:\/\/acelerapyme.asime.es\/vigo\/wp-json\/wp\/v2\/types\/tribe_events"}],"author":[{"embeddable":true,"href":"https:\/\/acelerapyme.asime.es\/vigo\/wp-json\/wp\/v2\/users\/2"}],"replies":[{"embeddable":true,"href":"https:\/\/acelerapyme.asime.es\/vigo\/wp-json\/wp\/v2\/comments?post=3790"}],"version-history":[{"count":4,"href":"https:\/\/acelerapyme.asime.es\/vigo\/wp-json\/wp\/v2\/tribe_events\/3790\/revisions"}],"predecessor-version":[{"id":3795,"href":"https:\/\/acelerapyme.asime.es\/vigo\/wp-json\/wp\/v2\/tribe_events\/3790\/revisions\/3795"}],"wp:featuredmedia":[{"embeddable":true,"href":"https:\/\/acelerapyme.asime.es\/vigo\/wp-json\/wp\/v2\/media\/3792"}],"wp:attachment":[{"href":"https:\/\/acelerapyme.asime.es\/vigo\/wp-json\/wp\/v2\/media?parent=3790"}],"wp:term":[{"taxonomy":"post_tag","embeddable":true,"href":"https:\/\/acelerapyme.asime.es\/vigo\/wp-json\/wp\/v2\/tags?post=3790"},{"taxonomy":"tribe_events_cat","embeddable":true,"href":"https:\/\/acelerapyme.asime.es\/vigo\/wp-json\/wp\/v2\/tribe_events_cat?post=3790"}],"curies":[{"name":"wp","href":"https:\/\/api.w.org\/{rel}","templated":true}]}}