{"id":3758,"date":"2026-04-28T11:11:57","date_gmt":"2026-04-28T11:11:57","guid":{"rendered":"https:\/\/acelerapyme.asime.es\/vigo\/?post_type=tribe_events&#038;p=3758"},"modified":"2026-04-28T14:05:51","modified_gmt":"2026-04-28T14:05:51","slug":"modelos-de-datos-aplicaciones-para-industria-5-0-y-operaciones-con-ia","status":"publish","type":"tribe_events","link":"https:\/\/acelerapyme.asime.es\/vigo\/event\/modelos-de-datos-aplicaciones-para-industria-5-0-y-operaciones-con-ia\/","title":{"rendered":"Modelos de datos, aplicaciones para Industria 5.0 y operaciones con IA"},"content":{"rendered":"<p data-path-to-node=\"3\">Desde la <b data-path-to-node=\"3\" data-index-in-node=\"9\">Oficina Acelera Pyme de Asime<\/b>, en colaboraci\u00f3n con <a href=\"https:\/\/www.aemos.es\/\" target=\"_blank\" rel=\"noopener\"><b data-path-to-node=\"3\" data-index-in-node=\"60\">AEMOS<\/b><\/a> e <a href=\"https:\/\/www.inycom.es\/\" target=\"_blank\" rel=\"noopener\"><b data-path-to-node=\"3\" data-index-in-node=\"68\"><span data-olk-copy-source=\"MessageBody\">Inycom-Grupo Nunsys<\/span><\/b><\/a>, te invitamos a esta jornada presencial orientada a la transformaci\u00f3n digital actual y la aplicaci\u00f3n real de nuevas arquitecturas de datos. La sesi\u00f3n est\u00e1 dirigida a directivos y gerentes, responsables de operaciones y perfiles t\u00e9cnicos de pymes industriales.<\/p>\n<p data-path-to-node=\"4\">En un entorno cada vez m\u00e1s competitivo, entender las barreras tecnol\u00f3gicas que bloquean los proyectos es vital. Esta sesi\u00f3n busca facilitar el salto hacia modelos digitales <b data-path-to-node=\"4\" data-index-in-node=\"173\">escalables, integrables y de alta disponibilidad<\/b>, evitando sobrecostes y asegurando el \u00e9xito de la inversi\u00f3n.<\/p>\n<p data-path-to-node=\"4\">De la mano de expertos de <strong>Inycom-Grupo Nunsys<\/strong>, analizaremos de forma pr\u00e1ctica la tecnolog\u00eda actual de la <b data-path-to-node=\"11\" data-index-in-node=\"92\">Industria 5.0 e Inteligencia Artificial<\/b>, con un enfoque centrado en el alineamiento con el negocio.<\/p>\n<ul>\n<li>Demostraci\u00f3n de conceptos clave y an\u00e1lisis de escenarios reales de sistemas multinivel.<\/li>\n<li>Identificaci\u00f3n de errores comunes y c\u00f3mo resolverlos.<\/li>\n<li>Introducci\u00f3n a sistemas de soporte a la decisi\u00f3n (DSS) y aplicaciones IMOS.<\/li>\n<\/ul>\n<p data-path-to-node=\"4\"><strong>Valor a\u00f1adido: Asesoramiento personalizado<\/strong><br \/>\nComo complemento a la jornada, se activar\u00e1 un <strong>servicio de 6 horas de consultas t\u00e9cnicas<\/strong> para resolver dudas espec\u00edficas sobre la implementaci\u00f3n de estas soluciones en los proyectos de las empresas asistentes.<\/p>\n<p><strong>Programa aproximado<\/strong><\/p>\n<ul>\n<li><strong>10:00 &#8211; 10:10<\/strong>: Bienvenida y presentaci\u00f3n de la OAP Asime.<\/li>\n<li><strong>10:10 &#8211; 12:45<\/strong>: Modelos de datos, aplicaciones para Industria 5.0 y operaciones con IA (<strong>Inycom-Grupo Nunsys<\/strong>).\n<ul>\n<li>Contenidos y caso pr\u00e1ctico.<\/li>\n<\/ul>\n<\/li>\n<li><strong>12:45 &#8211; 13:00<\/strong>: Turno de preguntas, debate y cierre de la sesi\u00f3n.<\/li>\n<\/ul>\n<p>&nbsp;<\/p>\n<p>Recuerda:<\/p>\n<p><img decoding=\"async\" class=\"emoji\" role=\"img\" src=\"https:\/\/s.w.org\/images\/core\/emoji\/17.0.2\/svg\/1f4c5.svg\" alt=\"\ud83d\udcc5\" \/> 13 de mayo<br \/>\n<img decoding=\"async\" class=\"emoji\" role=\"img\" src=\"https:\/\/s.w.org\/images\/core\/emoji\/17.0.2\/svg\/1f557.svg\" alt=\"\ud83d\udd57\" \/> 10:00 h. (Duraci\u00f3n aproximada: 3 horas).<br \/>\n<img decoding=\"async\" class=\"emoji\" role=\"img\" src=\"https:\/\/s.w.org\/images\/core\/emoji\/17.0.2\/svg\/1f4cd.svg\" alt=\"\ud83d\udccd\" \/> Presencial \u2013 <a href=\"https:\/\/maps.app.goo.gl\/7AgqQww1mCdYCwBi7\" target=\"_blank\" rel=\"noopener\">Avenida de Puxeiros, 64, Bajo, 36416 Mos, Pontevedr<\/a>a \u00a0(AEMOS).<\/p>\n<p>Inscr\u00edbete aqu\u00ed: <a href=\"https:\/\/zfrmz.com\/fhmT2rHUJOFSqeShRpYG\" target=\"_blank\" rel=\"noopener\">https:\/\/zfrmz.com\/fhmT2rHUJOFSqeShRpYG<\/a><\/p>\n<p>\u00a1Te esperamos!<\/p>\n<p>&nbsp;<\/p>\n<p>&nbsp;<\/p>\n<p>*<em>Por motivos organizativos o de fuerza mayor, el horario, la ubicaci\u00f3n o el formato del evento podr\u00e1n sufrir modificaciones, que se comunicar\u00e1n con la debida antelaci\u00f3n.<\/em><\/p>\n","protected":false},"excerpt":{"rendered":"<p>Desde la Oficina Acelera Pyme de Asime, en colaboraci\u00f3n con AEMOS e Inycom-Grupo Nunsys, te invitamos a esta jornada presencial orientada a la transformaci\u00f3n digital actual y la aplicaci\u00f3n real &#8230; <a title=\"Modelos de datos, aplicaciones para Industria 5.0 y operaciones con IA\" class=\"read-more\" href=\"https:\/\/acelerapyme.asime.es\/vigo\/event\/modelos-de-datos-aplicaciones-para-industria-5-0-y-operaciones-con-ia\/\" aria-label=\"M\u00e1s en Modelos de datos, aplicaciones para Industria 5.0 y operaciones con IA\">Leer m\u00e1s<\/a><\/p>\n","protected":false},"author":2,"featured_media":3770,"comment_status":"open","ping_status":"closed","template":"","meta":{"_tribe_events_status":"","_tribe_events_status_reason":"","footnotes":""},"tags":[],"tribe_events_cat":[],"class_list":["post-3758","tribe_events","type-tribe_events","status-publish","has-post-thumbnail","hentry"],"acf":[],"_links":{"self":[{"href":"https:\/\/acelerapyme.asime.es\/vigo\/wp-json\/wp\/v2\/tribe_events\/3758","targetHints":{"allow":["GET"]}}],"collection":[{"href":"https:\/\/acelerapyme.asime.es\/vigo\/wp-json\/wp\/v2\/tribe_events"}],"about":[{"href":"https:\/\/acelerapyme.asime.es\/vigo\/wp-json\/wp\/v2\/types\/tribe_events"}],"author":[{"embeddable":true,"href":"https:\/\/acelerapyme.asime.es\/vigo\/wp-json\/wp\/v2\/users\/2"}],"replies":[{"embeddable":true,"href":"https:\/\/acelerapyme.asime.es\/vigo\/wp-json\/wp\/v2\/comments?post=3758"}],"version-history":[{"count":10,"href":"https:\/\/acelerapyme.asime.es\/vigo\/wp-json\/wp\/v2\/tribe_events\/3758\/revisions"}],"predecessor-version":[{"id":3769,"href":"https:\/\/acelerapyme.asime.es\/vigo\/wp-json\/wp\/v2\/tribe_events\/3758\/revisions\/3769"}],"wp:featuredmedia":[{"embeddable":true,"href":"https:\/\/acelerapyme.asime.es\/vigo\/wp-json\/wp\/v2\/media\/3770"}],"wp:attachment":[{"href":"https:\/\/acelerapyme.asime.es\/vigo\/wp-json\/wp\/v2\/media?parent=3758"}],"wp:term":[{"taxonomy":"post_tag","embeddable":true,"href":"https:\/\/acelerapyme.asime.es\/vigo\/wp-json\/wp\/v2\/tags?post=3758"},{"taxonomy":"tribe_events_cat","embeddable":true,"href":"https:\/\/acelerapyme.asime.es\/vigo\/wp-json\/wp\/v2\/tribe_events_cat?post=3758"}],"curies":[{"name":"wp","href":"https:\/\/api.w.org\/{rel}","templated":true}]}}